{"id":274,"date":"2015-10-05T18:52:29","date_gmt":"2015-10-05T18:52:29","guid":{"rendered":"http:\/\/soli-wartenberg.de\/wordpress\/?page_id=274"},"modified":"2022-11-04T21:09:41","modified_gmt":"2022-11-04T20:09:41","slug":"impressum","status":"publish","type":"page","link":"https:\/\/soli-wartenberg.de\/wordpress\/impressum\/","title":{"rendered":"Impressum"},"content":{"rendered":"<p class=\"hl3\">Angaben gem\u00e4\u00df \u00a7 5 TMG:<\/p>\n<table style=\"border: 0px solid black; border-collapse: separate; width: 100%;\">\n<tbody>\n<tr>\n<td style=\"border: 0px solid black; border-collapse: separate; vertical-align: top;\"><b><br \/>\nR.K.B. Solidarit\u00e4t Wartenberg e.V.<br \/>\nErdinger Str. 3d<br \/>\n85456 Wartenberg<\/b><\/td>\n<td style=\"border: 0px solid black; border-collapse: separate; vertical-align: top;\"><img loading=\"lazy\" decoding=\"async\" src=\"\/img\/t-px.gif\" alt=\"\" width=\"100\" height=\"0\" border=\"0\"><\/td>\n<td style=\"border: 0px solid black; border-collapse: separate; vertical-align: top;\">\n<p class=\"hl3t\"><a href=\"http:\/\/soli-wartenberg.de\/wordpress\/?page_id=369\"><strong><img decoding=\"async\" src=\"\/img\/arb.gif\" alt=\"\" border=\"0\">Haftungsausschlu\u00df<\/strong><\/a><br \/>\n<a href=\"http:\/\/soli-wartenberg.de\/wordpress\/datenschutz\/\"><strong><img decoding=\"async\" src=\"\/img\/arb.gif\" alt=\"\" border=\"0\">Datenschutzerkl\u00e4rung<\/strong><\/a><br \/>\n<a href=\"http:\/\/soli-wartenberg.de\/wordpress\/?page_id=268\"><strong><img decoding=\"async\" src=\"\/img\/arb.gif\" alt=\"\" border=\"0\">Kontakt<\/strong><\/a><\/p>\n<\/td>\n<\/tr>\n<\/tbody>\n<\/table>\n<p class=\"hl3\">Vertreten durch:<\/p>\n<p>1. Vorsitzender Markus Remde<\/p>\n<p class=\"hl3\">Registereintrag:<\/p>\n<p>Eintragung im Vereinsregister:<br \/>\nRegistergericht: Amtsgericht M\u00fcnchen<br \/>\nRegisternummer: VR 110385<\/p>\n<p class=\"hl3\">Quellen f\u00fcr Bilder und Grafiken:<\/p>\n<p class=\"hl3t\">R.K.B. Solidarit\u00e4t Wartenberg e.V.<\/p>\n<p>Quelle: <em><a href=\"http:\/\/www.e-recht24.de\">http:\/\/www.e-recht24.de<\/a><\/em><\/p>\n","protected":false},"excerpt":{"rendered":"<p>Angaben gem\u00e4\u00df \u00a7 5 TMG: R.K.B. Solidarit\u00e4t Wartenberg e.V. Erdinger Str. 3d 85456 Wartenberg Haftungsausschlu\u00df Datenschutzerkl\u00e4rung Kontakt Vertreten durch: 1. Vorsitzender Markus Remde Registereintrag: Eintragung im Vereinsregister: Registergericht: Amtsgericht M\u00fcnchen Registernummer: VR 110385 Quellen f\u00fcr Bilder und Grafiken: R.K.B. Solidarit\u00e4t <span class=\"excerpt-dots\">&hellip;<\/span> <a class=\"more-link\" href=\"https:\/\/soli-wartenberg.de\/wordpress\/impressum\/\"><span class=\"more-msg\">Weiterlesen &rarr;<\/span><\/a><\/p>\n","protected":false},"author":1,"featured_media":0,"parent":0,"menu_order":0,"comment_status":"closed","ping_status":"closed","template":"","meta":{"ngg_post_thumbnail":0,"footnotes":""},"class_list":["post-274","page","type-page","status-publish","hentry"],"_links":{"self":[{"href":"https:\/\/soli-wartenberg.de\/wordpress\/wp-json\/wp\/v2\/pages\/274","targetHints":{"allow":["GET"]}}],"collection":[{"href":"https:\/\/soli-wartenberg.de\/wordpress\/wp-json\/wp\/v2\/pages"}],"about":[{"href":"https:\/\/soli-wartenberg.de\/wordpress\/wp-json\/wp\/v2\/types\/page"}],"author":[{"embeddable":true,"href":"https:\/\/soli-wartenberg.de\/wordpress\/wp-json\/wp\/v2\/users\/1"}],"replies":[{"embeddable":true,"href":"https:\/\/soli-wartenberg.de\/wordpress\/wp-json\/wp\/v2\/comments?post=274"}],"version-history":[{"count":5,"href":"https:\/\/soli-wartenberg.de\/wordpress\/wp-json\/wp\/v2\/pages\/274\/revisions"}],"predecessor-version":[{"id":3990,"href":"https:\/\/soli-wartenberg.de\/wordpress\/wp-json\/wp\/v2\/pages\/274\/revisions\/3990"}],"wp:attachment":[{"href":"https:\/\/soli-wartenberg.de\/wordpress\/wp-json\/wp\/v2\/media?parent=274"}],"curies":[{"name":"wp","href":"https:\/\/api.w.org\/{rel}","templated":true}]}}