{"id":411,"date":"2015-11-14T16:05:38","date_gmt":"2015-11-14T16:05:38","guid":{"rendered":"http:\/\/soli-wartenberg.de\/wordpress\/?page_id=411"},"modified":"2017-09-04T21:12:50","modified_gmt":"2017-09-04T19:12:50","slug":"ehrenordnung-2","status":"publish","type":"page","link":"https:\/\/soli-wartenberg.de\/wordpress\/verein\/ehrenordnung-2\/","title":{"rendered":"Historie"},"content":{"rendered":"<p class=\"hl5\" align=\"left\">Historie<\/p>\n<p class=\"hl4\">Radsport in Wartenberg seit 1896<\/p>\n<p class=\"hl6\">Schon in der Jahrhundertwende gr\u00fcndeten sportbegeisterte Burschen der Gemeinde Wartenberg einen Radsportclub. Bereits 1906 war man Besitzer einer eigenen Fahne.<br \/>\n\u00dcber die Historie aus jener Zeit ist uns bekannt, dass der Radsportclub sich aufl\u00f6ste und im Jahr 1927 als Rad- und Kraftfahrerbund Solidarit\u00e4t wieder in Erscheinung trat.<br \/>\nAm 2. und 3. Juni 1928 konnte man zum 1. Gr\u00fcndungsfest mit Standartenenth\u00fcllung zahlreiche Vereine zu einer Korsofahrt durch Wartenberg mit anschlie\u00dfender Feier am Festplatz begr\u00fc\u00dfen.<\/p>\n<div id=\"attachment_420\" style=\"width: 502px\" class=\"wp-caption alignnone\"><a href=\"http:\/\/soli-wartenberg.de\/wordpress\/wp-content\/uploads\/2015\/11\/soli-standartenweihe-1928.jpg\"><img loading=\"lazy\" decoding=\"async\" aria-describedby=\"caption-attachment-420\" class=\"wp-image-420 size-full\" src=\"http:\/\/soli-wartenberg.de\/wordpress\/wp-content\/uploads\/2015\/11\/soli-standartenweihe-1928.jpg\" alt=\"Standartenweihe der Soli im Jahre 1928\" width=\"492\" height=\"308\" srcset=\"https:\/\/soli-wartenberg.de\/wordpress\/wp-content\/uploads\/2015\/11\/soli-standartenweihe-1928.jpg 492w, https:\/\/soli-wartenberg.de\/wordpress\/wp-content\/uploads\/2015\/11\/soli-standartenweihe-1928-300x188.jpg 300w\" sizes=\"auto, (max-width: 492px) 100vw, 492px\" \/><\/a><p id=\"caption-attachment-420\" class=\"wp-caption-text\">Standartenweihe der Soli im Jahre 1928<\/p><\/div>\n<p class=\"hl6\">W\u00e4hrend des 3. Reiches war dem Verein jegliche T\u00e4tigkeit untersagt.<br \/>\nNach dem 2. Weltkrieg wurde der Verein von den Gr\u00fcndungsmitgliedern aus dem Jahr 1927 neu belebt und kontinuierlich weiterentwickelt.<br \/>\nIn den 60-er Jahren bis Anfang der 70-er Jahre wurde in Wartenberg die &#8220;Tour de Rocklfing&#8221; ausgetragen. Der Radrundkurs um die Rocklfinger Kirche betrug 600 Meter. F\u00fcr die Zuschauer waren es damals spannende Rennen, wobei sich Josef Ramm und Ewald Strohmeier als Sieger in der Jugendklasse mehrere Jahre behaupteten.<br \/>\nAuch der Motorsport kam in den 60-er Jahren nicht zu kurz. Am 1.7.1964 wurde z.B. eine Sicherheits- bzw. Geschicklichkeitsfahrt durch Wartenberg durchgef\u00fchrt. Die Teilnehmer der Solidarit\u00e4t Alois Klar, Kellnberger-Rieger, Angermeier-Huber und Ferdinand Reiter platzierten sich im Vorderfeld.<br \/>\n1970 wurde zum 1. Mal ein internationaler Volksmarsch durchgef\u00fchrt und es kamen auf Anhieb 800 Teilnehmer. Von nun an stand j\u00e4hrlich bis mitte der 80-er Jahre eine Volkswanderung auf dem Programm, die mit gro\u00dfem Erfolg durchgef\u00fchrt wurde. Ein gro\u00dfer Erfolg war auch die 1972 durchgef\u00fchrte Barbie Henneberger-Ged\u00e4chtniswanderung zur Erinnerung an die sympathische Skifahrerin, die durch einen tragischen Unfall ums Leben kam. Mehr als 2000 Teilnehmer wanderten durch das Wartenberger H\u00fcgelland.<br \/>\n1991 begann wieder ein neuer Zeitabschnitt der Radsportler. 7 Jugendliche im Alter von 13-17 Jahren nahmen im Bereich Oberbayern an zahlreichen Stra\u00dfen- und Montainbikerennen mit Erfolg teil. Unterst\u00fctzt von dem damaligen Sportleiter Heinz Listl.<\/p>\n<div id=\"attachment_418\" style=\"width: 513px\" class=\"wp-caption alignnone\"><a href=\"http:\/\/soli-wartenberg.de\/wordpress\/wp-content\/uploads\/2015\/11\/soli-jugend-1991.jpg\"><img loading=\"lazy\" decoding=\"async\" aria-describedby=\"caption-attachment-418\" class=\"wp-image-418 size-full\" src=\"http:\/\/soli-wartenberg.de\/wordpress\/wp-content\/uploads\/2015\/11\/soli-jugend-1991.jpg\" alt=\"Soli-Jugend 1991\" width=\"503\" height=\"343\" srcset=\"https:\/\/soli-wartenberg.de\/wordpress\/wp-content\/uploads\/2015\/11\/soli-jugend-1991.jpg 503w, https:\/\/soli-wartenberg.de\/wordpress\/wp-content\/uploads\/2015\/11\/soli-jugend-1991-300x205.jpg 300w\" sizes=\"auto, (max-width: 503px) 100vw, 503px\" \/><\/a><p id=\"caption-attachment-418\" class=\"wp-caption-text\">Soli-Jugend 1995<\/p><\/div>\n<p class=\"hl6\">1994 und 1995 wurde ein Hobbyrennen von Wartenberg \u00fcber Thenn ausgerichtet. 1996 wurde die Strecke modifiziert. Gestartet wurde an der Schule in der Zustorfer Strasse, \u00fcber&nbsp;Aufhamer Strasse, Strogenstrasse und Thenner Strasse wurde der Rundkurs komplettiert.&nbsp;Ca. 40 Teilnehmer waren jeweils am Start.<br \/>\nAb 1995 &#8211; 1997 fanden Montainbikerennen am Weiseberg statt. Die Fahrer der Soli waren auch hier sehr erfolgreich.<\/p>\n<div id=\"attachment_419\" style=\"width: 388px\" class=\"wp-caption alignnone\"><a href=\"http:\/\/soli-wartenberg.de\/wordpress\/wp-content\/uploads\/2015\/11\/soli-mtb-rennen-weiseberg-1995.jpg\"><img loading=\"lazy\" decoding=\"async\" aria-describedby=\"caption-attachment-419\" class=\"wp-image-419 size-full\" src=\"http:\/\/soli-wartenberg.de\/wordpress\/wp-content\/uploads\/2015\/11\/soli-mtb-rennen-weiseberg-1995.jpg\" alt=\"Le Mans - Start beim MTB-Rennen 1995 am Weiseberg\" width=\"378\" height=\"226\" srcset=\"https:\/\/soli-wartenberg.de\/wordpress\/wp-content\/uploads\/2015\/11\/soli-mtb-rennen-weiseberg-1995.jpg 378w, https:\/\/soli-wartenberg.de\/wordpress\/wp-content\/uploads\/2015\/11\/soli-mtb-rennen-weiseberg-1995-300x179.jpg 300w\" sizes=\"auto, (max-width: 378px) 100vw, 378px\" \/><\/a><p id=\"caption-attachment-419\" class=\"wp-caption-text\">Le Mans &#8211; Start beim MTB-Rennen 1995 am Weiseberg<\/p><\/div>\n<p class=\"hl6\">1997 wurde ein Vorschlag vom damaligen B\u00fcrgermeister Gustav Weltrich aufgegriffen, ein Radrennen am Pfingstmontag am Marktplatz durchzuf\u00fchren. Die Strecke \u00fcber den Marktplatz, Untere Hauptstra\u00dfe, Aufhamer Stra\u00dfe, Strogenstra\u00dfe und zur\u00fcck, erfreut sich seither bei Fahrern und Zuschauern gro\u00dfer Beliebtheit.<\/p>\n<div id=\"attachment_417\" style=\"width: 685px\" class=\"wp-caption alignnone\"><a href=\"http:\/\/soli-wartenberg.de\/wordpress\/wp-content\/uploads\/2015\/11\/pfingstrennen-2004-rennstrecke-marktplatz.jpg\"><img loading=\"lazy\" decoding=\"async\" aria-describedby=\"caption-attachment-417\" class=\"wp-image-417 size-full\" src=\"http:\/\/soli-wartenberg.de\/wordpress\/wp-content\/uploads\/2015\/11\/pfingstrennen-2004-rennstrecke-marktplatz.jpg\" alt=\"Die Rennstrecke des Pfingstradrennen 2004\" width=\"675\" height=\"450\" srcset=\"https:\/\/soli-wartenberg.de\/wordpress\/wp-content\/uploads\/2015\/11\/pfingstrennen-2004-rennstrecke-marktplatz.jpg 675w, https:\/\/soli-wartenberg.de\/wordpress\/wp-content\/uploads\/2015\/11\/pfingstrennen-2004-rennstrecke-marktplatz-300x200.jpg 300w, https:\/\/soli-wartenberg.de\/wordpress\/wp-content\/uploads\/2015\/11\/pfingstrennen-2004-rennstrecke-marktplatz-150x100.jpg 150w, https:\/\/soli-wartenberg.de\/wordpress\/wp-content\/uploads\/2015\/11\/pfingstrennen-2004-rennstrecke-marktplatz-200x133.jpg 200w, https:\/\/soli-wartenberg.de\/wordpress\/wp-content\/uploads\/2015\/11\/pfingstrennen-2004-rennstrecke-marktplatz-250x166.jpg 250w\" sizes=\"auto, (max-width: 675px) 100vw, 675px\" \/><\/a><p id=\"caption-attachment-417\" class=\"wp-caption-text\">Die Rennstrecke des Pfingstradrennen 2004<\/p><\/div>\n<div id=\"attachment_415\" style=\"width: 790px\" class=\"wp-caption alignnone\"><a href=\"http:\/\/soli-wartenberg.de\/wordpress\/wp-content\/uploads\/2015\/11\/pfingstrennen-2004-1.jpg\"><img loading=\"lazy\" decoding=\"async\" aria-describedby=\"caption-attachment-415\" class=\"wp-image-415 size-full\" src=\"http:\/\/soli-wartenberg.de\/wordpress\/wp-content\/uploads\/2015\/11\/pfingstrennen-2004-1.jpg\" alt=\"Start zum Hauptrennen beim Pfingstradrennen 2004\" width=\"780\" height=\"522\" srcset=\"https:\/\/soli-wartenberg.de\/wordpress\/wp-content\/uploads\/2015\/11\/pfingstrennen-2004-1.jpg 780w, https:\/\/soli-wartenberg.de\/wordpress\/wp-content\/uploads\/2015\/11\/pfingstrennen-2004-1-300x201.jpg 300w, https:\/\/soli-wartenberg.de\/wordpress\/wp-content\/uploads\/2015\/11\/pfingstrennen-2004-1-150x100.jpg 150w, https:\/\/soli-wartenberg.de\/wordpress\/wp-content\/uploads\/2015\/11\/pfingstrennen-2004-1-200x133.jpg 200w, https:\/\/soli-wartenberg.de\/wordpress\/wp-content\/uploads\/2015\/11\/pfingstrennen-2004-1-250x166.jpg 250w\" sizes=\"auto, (max-width: 780px) 100vw, 780px\" \/><\/a><p id=\"caption-attachment-415\" class=\"wp-caption-text\">Start zum Hauptrennen beim Pfingstradrennen 2004<\/p><\/div>\n<p class=\"hl6\">Ab dem Jahr 2000 kamen neben den ABC-Elite-Fahrern aus Bayern auch Fahrer aus dem Nationalteam der Tschechischen Republik sowie \u00d6sterreich.<br \/>\n2004 konnte der Veranstalter sogar den zweifachen Olympiasieger und mehrfachen Weltmeister Jens Lehmann f\u00fcr einen Start gewinnen.<\/p>\n<div id=\"attachment_416\" style=\"width: 624px\" class=\"wp-caption alignnone\"><a href=\"http:\/\/soli-wartenberg.de\/wordpress\/wp-content\/uploads\/2015\/11\/pfingstrennen-2004-lehmann.jpg\"><img loading=\"lazy\" decoding=\"async\" aria-describedby=\"caption-attachment-416\" class=\"wp-image-416 size-full\" src=\"http:\/\/soli-wartenberg.de\/wordpress\/wp-content\/uploads\/2015\/11\/pfingstrennen-2004-lehmann.jpg\" alt=\"Jens Lehmann am Start beim Pfingstradrennen 2004\" width=\"614\" height=\"410\" srcset=\"https:\/\/soli-wartenberg.de\/wordpress\/wp-content\/uploads\/2015\/11\/pfingstrennen-2004-lehmann.jpg 614w, https:\/\/soli-wartenberg.de\/wordpress\/wp-content\/uploads\/2015\/11\/pfingstrennen-2004-lehmann-300x200.jpg 300w, https:\/\/soli-wartenberg.de\/wordpress\/wp-content\/uploads\/2015\/11\/pfingstrennen-2004-lehmann-150x100.jpg 150w, https:\/\/soli-wartenberg.de\/wordpress\/wp-content\/uploads\/2015\/11\/pfingstrennen-2004-lehmann-200x133.jpg 200w, https:\/\/soli-wartenberg.de\/wordpress\/wp-content\/uploads\/2015\/11\/pfingstrennen-2004-lehmann-250x166.jpg 250w\" sizes=\"auto, (max-width: 614px) 100vw, 614px\" \/><\/a><p id=\"caption-attachment-416\" class=\"wp-caption-text\">Jens Lehmann am Start beim Pfingstradrennen 2004<\/p><\/div>\n<p class=\"hl6\">Im Jahre 2006 feierte man ein kleines Jubil\u00e4um, n\u00e4mlich das 10. Pfingstradrennen<br \/>\nDer erfolgreichste Teilnehmer in diesen 10 Jahren war Stefan Kink von Wacker Burghausen, der das Rennen der Elite dreimal gewann.<br \/>\n2003 lie\u00df man die Mountainbike-Rennen wieder aufleben. In den ersten Jahren fanden<br \/>\ndiese in der N\u00e4he von Schachtelberg statt. Der sehr schwierige Rundkurs mit 3 Kilometer<br \/>\nL\u00e4nge verlangte den Teilnehmern alles K\u00f6nnen ab. Zum ersten Mal konnte auch ein<br \/>\nTeamwettbewerb mit 3 Fahrern je Team durchgef\u00fchrt werden.<br \/>\nBereits Mitte 2006 wurde mit dem TSV Wartenberg ein Pachtvertrag \u00fcber den hinteren Teil<br \/>\ndes Sportgel\u00e4ndes abgeschlossen um dort einen Bikepark mit Vereinsgel\u00e4nde zu errichten. Zu diesem Zeitpunkt hat der Verein 81 Mitglieder.<br \/>\nNach der Anpassung der Vereinsausrichtung hin zum Breitensport, wechselte man 2008 auf einen k\u00fcrzeren Rundkurs&nbsp;um die Skisprungschanze in Auerbach. Hier richtete die Soli bis 2011 in Zusammenarbeit mit&nbsp;dem Skiclub Auerbach 4 Rennen aus.<br \/>\nBis 2011 konnten durch die ersten Ausbaustufen des Bikeparks ca. 30 Kinder und Jugendliche f\u00fcr den Verein gewonnen werden.<br \/>\nDas Pfingstradrennen ist weiterhin ein gro\u00dfer Erfolg. 2012 konnte bereits die 16. Auflage<br \/>\ndurchgef\u00fchrt werden. Das Rennen stellt einen bedeutenden Eckpfeiler des Vereins dar und<br \/>\nwird daher kontinuierlich optimiert.<br \/>\nAm 01.04.2012 trat der Verein dem Bayerischen Landessportverband bei und kann seitdem<br \/>\ndie vielf\u00e4ltigen Leistungen des Verbands nutzen.<br \/>\nIm Herbst 2012 wurde der letzte geplante Abschnitt der baulichen Ma\u00dfnahmen in Angriff genommen, so dass&nbsp;der sportlichen Bet\u00e4tigung im BikePark ab 2013 nichts mehr im Wege steht.<br \/>\nInsgesamt hat der Verein 2012 ca. 120 Mitglieder.<\/p>\n<p class=\"hk0\">Stand: 05.10.2012<\/p>\n","protected":false},"excerpt":{"rendered":"<p>Historie Radsport in Wartenberg seit 1896 Schon in der Jahrhundertwende gr\u00fcndeten sportbegeisterte Burschen der Gemeinde Wartenberg einen Radsportclub. Bereits 1906 war man Besitzer einer eigenen Fahne. \u00dcber die Historie aus jener Zeit ist uns bekannt, dass der Radsportclub sich aufl\u00f6ste <span class=\"excerpt-dots\">&hellip;<\/span> <a class=\"more-link\" href=\"https:\/\/soli-wartenberg.de\/wordpress\/verein\/ehrenordnung-2\/\"><span class=\"more-msg\">Weiterlesen &rarr;<\/span><\/a><\/p>\n","protected":false},"author":1,"featured_media":0,"parent":264,"menu_order":0,"comment_status":"closed","ping_status":"closed","template":"","meta":{"ngg_post_thumbnail":0,"footnotes":""},"class_list":["post-411","page","type-page","status-publish","hentry"],"_links":{"self":[{"href":"https:\/\/soli-wartenberg.de\/wordpress\/wp-json\/wp\/v2\/pages\/411","targetHints":{"allow":["GET"]}}],"collection":[{"href":"https:\/\/soli-wartenberg.de\/wordpress\/wp-json\/wp\/v2\/pages"}],"about":[{"href":"https:\/\/soli-wartenberg.de\/wordpress\/wp-json\/wp\/v2\/types\/page"}],"author":[{"embeddable":true,"href":"https:\/\/soli-wartenberg.de\/wordpress\/wp-json\/wp\/v2\/users\/1"}],"replies":[{"embeddable":true,"href":"https:\/\/soli-wartenberg.de\/wordpress\/wp-json\/wp\/v2\/comments?post=411"}],"version-history":[{"count":0,"href":"https:\/\/soli-wartenberg.de\/wordpress\/wp-json\/wp\/v2\/pages\/411\/revisions"}],"up":[{"embeddable":true,"href":"https:\/\/soli-wartenberg.de\/wordpress\/wp-json\/wp\/v2\/pages\/264"}],"wp:attachment":[{"href":"https:\/\/soli-wartenberg.de\/wordpress\/wp-json\/wp\/v2\/media?parent=411"}],"curies":[{"name":"wp","href":"https:\/\/api.w.org\/{rel}","templated":true}]}}